{"id":2265,"date":"2023-11-22T19:46:18","date_gmt":"2023-11-22T19:46:18","guid":{"rendered":"https:\/\/conocetufe.org\/index.php\/bautizo-y-confirmacion-2\/"},"modified":"2023-11-24T15:53:55","modified_gmt":"2023-11-24T15:53:55","slug":"sentido-de-la-muerte","status":"publish","type":"page","link":"https:\/\/conocetufe.org\/index.php\/sentido-de-la-muerte\/","title":{"rendered":"Conoce que pasa despu\u00e9s de la muerte seg\u00fan la fe"},"content":{"rendered":"<p>[et_pb_section fb_built=\u00bb1&#8243; custom_padding_last_edited=\u00bboff|tablet\u00bb disabled_on=\u00bbon|on|off\u00bb admin_label=\u00bbHeader\u00bb _builder_version=\u00bb4.23.1&#8243; _module_preset=\u00bbdefault\u00bb background_enable_color=\u00bboff\u00bb use_background_color_gradient=\u00bbon\u00bb background_color_gradient_stops=\u00bbrgba(0,0,0,0.3) 0%|rgba(0,0,0,0.76) 100%\u00bb background_color_gradient_overlays_image=\u00bbon\u00bb background_color_gradient_start=\u00bbrgba(0,0,0,0.3)\u00bb background_color_gradient_end=\u00bbrgba(0,0,0,0.76)\u00bb background_image=\u00bbhttps:\/\/conocetufe.org\/wp-content\/uploads\/2023\/11\/cab_muerte.jpg\u00bb custom_padding=\u00bb10vw||0px||false|false\u00bb custom_padding_tablet=\u00bb||||false|false\u00bb hover_enabled=\u00bb0&#8243; global_colors_info=\u00bb{}\u00bb title_text=\u00bbcab_muerte\u00bb sticky_enabled=\u00bb0&#8243;][et_pb_row _builder_version=\u00bb4.16&#8243; _module_preset=\u00bbdefault\u00bb custom_margin=\u00bb-52px|auto||auto||\u00bb hover_enabled=\u00bb0&#8243; global_colors_info=\u00bb{}\u00bb sticky_enabled=\u00bb0&#8243;][et_pb_column type=\u00bb4_4&#8243; _builder_version=\u00bb4.16&#8243; _module_preset=\u00bbdefault\u00bb global_colors_info=\u00bb{}\u00bb][et_pb_text _builder_version=\u00bb4.23.1&#8243; _module_preset=\u00bbe598b17a-9229-42f6-b238-019d6094332e\u00bb header_font=\u00bbRoboto|500|||||||\u00bb header_text_color=\u00bb#FFFFFF\u00bb header_font_size=\u00bb59px\u00bb header_line_height=\u00bb1.15em\u00bb max_width=\u00bb800px\u00bb hover_enabled=\u00bb0&#8243; header_font_size_tablet=\u00bb40px\u00bb header_font_size_phone=\u00bb24px\u00bb header_font_size_last_edited=\u00bbon|desktop\u00bb locked=\u00bboff\u00bb global_colors_info=\u00bb{}\u00bb sticky_enabled=\u00bb0&#8243;]<\/p>\n<h1>Conoce que pasa despu\u00e9s de la muerte seg\u00fan la fe<\/h1>\n<p>[\/et_pb_text][\/et_pb_column][\/et_pb_row][et_pb_row column_structure=\u00bb1_3,1_3,1_3&#8243; use_custom_gutter=\u00bbon\u00bb gutter_width=\u00bb1&#8243; make_equal=\u00bbon\u00bb _builder_version=\u00bb4.23.1&#8243; _module_preset=\u00bbdefault\u00bb width=\u00bb100%\u00bb max_width=\u00bb100%\u00bb custom_margin=\u00bb6vw||||false|false\u00bb custom_margin_tablet=\u00bb0px||||false|false\u00bb custom_margin_last_edited=\u00bboff|desktop\u00bb custom_padding=\u00bb0px||0px||true|false\u00bb global_colors_info=\u00bb{}\u00bb][et_pb_column type=\u00bb1_3&#8243; _builder_version=\u00bb4.16&#8243; _module_preset=\u00bbdefault\u00bb background_color=\u00bbrgba(245,201,102,0.8)\u00bb background_image=\u00bbhttps:\/\/conocetufe.org\/wp-content\/uploads\/2023\/11\/high-school_50.png\u00bb background_size=\u00bbinitial\u00bb background_position=\u00bbtop_left\u00bb background_repeat=\u00bbrepeat-x\u00bb custom_padding=\u00bb60px|30px|40px|30px|false|true\u00bb custom_padding_tablet=\u00bb40px|20px|20px|20px|false|true\u00bb custom_padding_phone=\u00bb40px|20px|20px|20px|false|true\u00bb custom_padding_last_edited=\u00bbon|desktop\u00bb global_colors_info=\u00bb{}\u00bb][\/et_pb_column][et_pb_column type=\u00bb1_3&#8243; _builder_version=\u00bb4.23.1&#8243; _module_preset=\u00bbdefault\u00bb background_color=\u00bbrgba(247,130,126,0.8)\u00bb background_image=\u00bbhttps:\/\/conocetufe.org\/wp-content\/uploads\/2023\/11\/high-school_50.png\u00bb background_size=\u00bbinitial\u00bb background_position=\u00bbtop_left\u00bb background_repeat=\u00bbrepeat-x\u00bb custom_padding=\u00bb60px|30px|40px|30px|false|true\u00bb custom_padding_tablet=\u00bb40px|20px|20px|20px|false|true\u00bb custom_padding_phone=\u00bb40px|20px|20px|20px|false|true\u00bb custom_padding_last_edited=\u00bbon|desktop\u00bb global_colors_info=\u00bb{}\u00bb][\/et_pb_column][et_pb_column type=\u00bb1_3&#8243; _builder_version=\u00bb4.16&#8243; _module_preset=\u00bbdefault\u00bb background_color=\u00bbrgba(31,63,168,0.8)\u00bb background_image=\u00bbhttps:\/\/conocetufe.org\/wp-content\/uploads\/2023\/11\/high-school_50.png\u00bb background_size=\u00bbinitial\u00bb background_position=\u00bbtop_left\u00bb background_repeat=\u00bbrepeat-x\u00bb custom_padding=\u00bb60px|30px|40px|30px|false|true\u00bb custom_padding_tablet=\u00bb40px|20px|20px|20px|false|true\u00bb custom_padding_phone=\u00bb40px|20px|20px|20px|false|true\u00bb custom_padding_last_edited=\u00bbon|desktop\u00bb global_colors_info=\u00bb{}\u00bb][\/et_pb_column][\/et_pb_row][\/et_pb_section][et_pb_section fb_built=\u00bb1&#8243; custom_padding_last_edited=\u00bboff|tablet\u00bb disabled_on=\u00bboff|on|on\u00bb admin_label=\u00bbHeader\u00bb _builder_version=\u00bb4.23.1&#8243; _module_preset=\u00bbdefault\u00bb background_enable_color=\u00bboff\u00bb use_background_color_gradient=\u00bbon\u00bb background_color_gradient_stops=\u00bbrgba(0,0,0,0.3) 0%|rgba(0,0,0,0.76) 100%\u00bb background_color_gradient_overlays_image=\u00bbon\u00bb background_color_gradient_start=\u00bbrgba(0,0,0,0.3)\u00bb background_color_gradient_end=\u00bbrgba(0,0,0,0.76)\u00bb background_image=\u00bbhttps:\/\/conocetufe.org\/wp-content\/uploads\/2023\/11\/cab_muerte.jpg\u00bb custom_padding=\u00bb4vw||0px||false|false\u00bb custom_padding_tablet=\u00bb||||false|false\u00bb hover_enabled=\u00bb0&#8243; global_colors_info=\u00bb{}\u00bb title_text=\u00bbcab_muerte\u00bb sticky_enabled=\u00bb0&#8243;][et_pb_row _builder_version=\u00bb4.16&#8243; _module_preset=\u00bbdefault\u00bb custom_margin=\u00bb-52px|auto|-21px|auto||\u00bb global_colors_info=\u00bb{}\u00bb][et_pb_column type=\u00bb4_4&#8243; _builder_version=\u00bb4.16&#8243; _module_preset=\u00bbdefault\u00bb global_colors_info=\u00bb{}\u00bb][et_pb_text _builder_version=\u00bb4.23.1&#8243; _module_preset=\u00bbe598b17a-9229-42f6-b238-019d6094332e\u00bb text_font_size=\u00bb13px\u00bb header_font=\u00bbRoboto|500|||||||\u00bb header_text_color=\u00bb#FFFFFF\u00bb header_font_size=\u00bb80px\u00bb header_line_height=\u00bb1.15em\u00bb max_width=\u00bb800px\u00bb custom_padding=\u00bb59px|||||\u00bb hover_enabled=\u00bb0&#8243; header_font_size_tablet=\u00bb40px\u00bb header_font_size_phone=\u00bb22px\u00bb header_font_size_last_edited=\u00bbon|desktop\u00bb locked=\u00bboff\u00bb global_colors_info=\u00bb{}\u00bb sticky_enabled=\u00bb0&#8243;]<\/p>\n<h1>Conoce que pasa despu\u00e9s de la muerte seg\u00fan la fe<\/h1>\n<p>[\/et_pb_text][\/et_pb_column][\/et_pb_row][et_pb_row use_custom_gutter=\u00bbon\u00bb gutter_width=\u00bb1&#8243; make_equal=\u00bbon\u00bb _builder_version=\u00bb4.23.1&#8243; _module_preset=\u00bbdefault\u00bb background_color=\u00bbrgba(245,201,102,0.8)\u00bb width=\u00bb100%\u00bb max_width=\u00bb100%\u00bb custom_margin=\u00bb6vw|auto|19px|auto|false|false\u00bb custom_margin_tablet=\u00bb0px||||false|false\u00bb custom_margin_last_edited=\u00bboff|desktop\u00bb custom_padding=\u00bb0px||0px||true|false\u00bb locked=\u00bboff\u00bb global_colors_info=\u00bb{}\u00bb][et_pb_column type=\u00bb4_4&#8243; _builder_version=\u00bb4.16&#8243; _module_preset=\u00bbdefault\u00bb background_color=\u00bbrgba(245,201,102,0.8)\u00bb background_image=\u00bbhttps:\/\/conocetufe.org\/wp-content\/uploads\/2023\/11\/high-school_50.png\u00bb background_size=\u00bbinitial\u00bb background_position=\u00bbtop_left\u00bb background_repeat=\u00bbrepeat-x\u00bb custom_padding=\u00bb60px|30px|40px|30px|false|true\u00bb custom_padding_tablet=\u00bb40px|20px|20px|20px|false|true\u00bb custom_padding_phone=\u00bb40px|20px|20px|20px|false|true\u00bb custom_padding_last_edited=\u00bbon|desktop\u00bb global_colors_info=\u00bb{}\u00bb][et_pb_text _builder_version=\u00bb4.23.1&#8243; _module_preset=\u00bbdefault\u00bb text_text_color=\u00bbrgba(245,201,102,0.8)\u00bb text_font_size=\u00bb9px\u00bb min_height=\u00bb11.8px\u00bb custom_margin=\u00bb-31px||-31px|||\u00bb global_colors_info=\u00bb{}\u00bb]<\/p>\n<p>.<\/p>\n<p>[\/et_pb_text][\/et_pb_column][\/et_pb_row][\/et_pb_section][et_pb_section fb_built=\u00bb1&#8243; _builder_version=\u00bb4.23.1&#8243; _module_preset=\u00bbdefault\u00bb hover_enabled=\u00bb0&#8243; collapsed=\u00bboff\u00bb global_colors_info=\u00bb{}\u00bb locked=\u00bboff\u00bb theme_builder_area=\u00bbpost_content\u00bb background_color=\u00bb#000000&#8243; sticky_enabled=\u00bb0&#8243; custom_padding=\u00bb20px|||||\u00bb][et_pb_row column_structure=\u00bb1_2,1_2&#8243; _builder_version=\u00bb4.16&#8243; _module_preset=\u00bbdefault\u00bb width=\u00bb77%\u00bb max_width=\u00bb1615px\u00bb global_colors_info=\u00bb{}\u00bb theme_builder_area=\u00bbpost_content\u00bb custom_padding=\u00bb2px|||||\u00bb][et_pb_column type=\u00bb1_2&#8243; _builder_version=\u00bb4.16&#8243; _module_preset=\u00bbdefault\u00bb global_colors_info=\u00bb{}\u00bb theme_builder_area=\u00bbpost_content\u00bb][et_pb_video src=\u00bbhttps:\/\/youtu.be\/6sDhf9b93gk?si=V0pDXvFwAla8o97Y\u00bb _builder_version=\u00bb4.23.1&#8243; _module_preset=\u00bbdefault\u00bb hover_enabled=\u00bb0&#8243; global_colors_info=\u00bb{}\u00bb theme_builder_area=\u00bbpost_content\u00bb sticky_enabled=\u00bb0&#8243;][\/et_pb_video][et_pb_toggle title=\u00bbEpisodio 1 \u2013 Todo comenz\u00f3 en Galilea\u00bb icon_color=\u00bb#000000&#8243; _builder_version=\u00bb4.16&#8243; _module_preset=\u00bbdefault\u00bb title_font=\u00bb|700|||||||\u00bb global_colors_info=\u00bb{}\u00bb theme_builder_area=\u00bbpost_content\u00bb]<\/p>\n<p><span>Si elegimos vivir seg\u00fan los valores cristianos seremos felices aqu\u00ed, ahora y para siempre. Depende de nosotros.<\/span><\/p>\n<p>[\/et_pb_toggle][\/et_pb_column][et_pb_column type=\u00bb1_2&#8243; _builder_version=\u00bb4.16&#8243; _module_preset=\u00bbdefault\u00bb global_colors_info=\u00bb{}\u00bb theme_builder_area=\u00bbpost_content\u00bb][et_pb_video src=\u00bbhttps:\/\/youtu.be\/8LxZ3IXpEMo?si=TenSTRL4AhxEmWZO\u00bb _builder_version=\u00bb4.23.1&#8243; _module_preset=\u00bbdefault\u00bb hover_enabled=\u00bb0&#8243; global_colors_info=\u00bb{}\u00bb theme_builder_area=\u00bbpost_content\u00bb sticky_enabled=\u00bb0&#8243;][\/et_pb_video][et_pb_toggle title=\u00bbEpisodio 2&#8243; icon_color=\u00bb#000000&#8243; _builder_version=\u00bb4.16&#8243; _module_preset=\u00bbdefault\u00bb title_font=\u00bb|700|||||||\u00bb global_colors_info=\u00bb{}\u00bb theme_builder_area=\u00bbpost_content\u00bb]<\/p>\n<p><span>El deseo de Jes\u00fas fue presentarnos una nueva y extraordinaria imagen de su Padre. Quiso que descubramos que su Padre es infinitamente clemente, compasivo y perdonador. Lleno s\u00f3lo de amor y de ternura, y preocupado por cada uno de nosotros. Quiso que conozcamos a ese Padre amante y le tengamos una confianza total.<\/span><\/p>\n<p>[\/et_pb_toggle][\/et_pb_column][\/et_pb_row][et_pb_row column_structure=\u00bb1_2,1_2&#8243; _builder_version=\u00bb4.16&#8243; _module_preset=\u00bbdefault\u00bb width=\u00bb77%\u00bb max_width=\u00bb1615px\u00bb global_colors_info=\u00bb{}\u00bb theme_builder_area=\u00bbpost_content\u00bb custom_padding=\u00bb0px|||||\u00bb][et_pb_column type=\u00bb1_2&#8243; _builder_version=\u00bb4.16&#8243; _module_preset=\u00bbdefault\u00bb global_colors_info=\u00bb{}\u00bb theme_builder_area=\u00bbpost_content\u00bb][et_pb_video src=\u00bbhttps:\/\/youtu.be\/Q9eJzQ86x7s?si=1w2FqkQbiq3itb2M\u00bb _builder_version=\u00bb4.23.1&#8243; _module_preset=\u00bbdefault\u00bb hover_enabled=\u00bb0&#8243; global_colors_info=\u00bb{}\u00bb theme_builder_area=\u00bbpost_content\u00bb sticky_enabled=\u00bb0&#8243;][\/et_pb_video][et_pb_toggle title=\u00bbEpisodio 3&#8243; icon_color=\u00bb#000000&#8243; _builder_version=\u00bb4.16&#8243; _module_preset=\u00bbdefault\u00bb title_font=\u00bb|700|||||||\u00bb global_colors_info=\u00bb{}\u00bb theme_builder_area=\u00bbpost_content\u00bb]<\/p>\n<p><span>La muerte del alma es la peor tragedia que podemos sufrir pues debe ser terrible existir eternamente sin Dios. Esto es verdadera muerte. A esto se le llama infierno.<\/span><\/p>\n<p>[\/et_pb_toggle][\/et_pb_column][et_pb_column type=\u00bb1_2&#8243; _builder_version=\u00bb4.16&#8243; _module_preset=\u00bbdefault\u00bb global_colors_info=\u00bb{}\u00bb theme_builder_area=\u00bbpost_content\u00bb][et_pb_video src=\u00bbhttps:\/\/youtu.be\/21XD9neiw2A?si=LUHfIr3c0M0RIgFr\u00bb _builder_version=\u00bb4.23.1&#8243; _module_preset=\u00bbdefault\u00bb hover_enabled=\u00bb0&#8243; global_colors_info=\u00bb{}\u00bb theme_builder_area=\u00bbpost_content\u00bb sticky_enabled=\u00bb0&#8243;][\/et_pb_video][et_pb_toggle title=\u00bbEpisodio 4&#8243; icon_color=\u00bb#000000&#8243; _builder_version=\u00bb4.16&#8243; _module_preset=\u00bbdefault\u00bb title_font=\u00bb|700|||||||\u00bb global_colors_info=\u00bb{}\u00bb theme_builder_area=\u00bbpost_content\u00bb]<\/p>\n<p><span>La muerte en si no es dolorosa, es pasar de respirar a no respirar, es m\u00e1s, parece que morir es un alivio a los dolores y a la enfermedad. Quien no espera morir no ha debido nacer.<\/span><\/p>\n<p>&nbsp;<\/p>\n<p>[\/et_pb_toggle][\/et_pb_column][\/et_pb_row][et_pb_row column_structure=\u00bb1_2,1_2&#8243; _builder_version=\u00bb4.16&#8243; _module_preset=\u00bbdefault\u00bb width=\u00bb77%\u00bb max_width=\u00bb1615px\u00bb global_colors_info=\u00bb{}\u00bb theme_builder_area=\u00bbpost_content\u00bb custom_padding=\u00bb3px|||||\u00bb][et_pb_column type=\u00bb1_2&#8243; _builder_version=\u00bb4.16&#8243; _module_preset=\u00bbdefault\u00bb global_colors_info=\u00bb{}\u00bb theme_builder_area=\u00bbpost_content\u00bb][et_pb_video src=\u00bbhttps:\/\/youtu.be\/7zJrvikDneA?si=O5AcdkvtYoe1Yml5&#8243; _builder_version=\u00bb4.23.1&#8243; _module_preset=\u00bbdefault\u00bb hover_enabled=\u00bb0&#8243; global_colors_info=\u00bb{}\u00bb theme_builder_area=\u00bbpost_content\u00bb sticky_enabled=\u00bb0&#8243;][\/et_pb_video][et_pb_toggle title=\u00bbEpisodio 5&#8243; icon_color=\u00bb#000000&#8243; _builder_version=\u00bb4.16&#8243; _module_preset=\u00bbdefault\u00bb title_font=\u00bb|700|||||||\u00bb global_colors_info=\u00bb{}\u00bb theme_builder_area=\u00bbpost_content\u00bb]<\/p>\n<p><span>Separ\u00e1ndonos de Dios perdemos el sentido de la vida, de la muerte, (ya no queremos morir) y de la vida despu\u00e9s de la muerte\u2026<\/span><\/p>\n<p>[\/et_pb_toggle][\/et_pb_column][et_pb_column type=\u00bb1_2&#8243; _builder_version=\u00bb4.16&#8243; _module_preset=\u00bbdefault\u00bb global_colors_info=\u00bb{}\u00bb theme_builder_area=\u00bbpost_content\u00bb][et_pb_video src=\u00bbhttps:\/\/youtu.be\/uFwZ0QxnPhg?si=vJBWQb2NPnF6vZ9h\u00bb _builder_version=\u00bb4.23.1&#8243; _module_preset=\u00bbdefault\u00bb hover_enabled=\u00bb0&#8243; global_colors_info=\u00bb{}\u00bb theme_builder_area=\u00bbpost_content\u00bb sticky_enabled=\u00bb0&#8243;][\/et_pb_video][et_pb_toggle title=\u00bbEpisodio 6&#8243; icon_color=\u00bb#000000&#8243; _builder_version=\u00bb4.16&#8243; _module_preset=\u00bbdefault\u00bb title_font=\u00bb|700|||||||\u00bb global_colors_info=\u00bb{}\u00bb theme_builder_area=\u00bbpost_content\u00bb]<\/p>\n<section class=\"elementor-section elementor-top-section elementor-element elementor-element-9e09d91 elementor-section-content-middle elementor-reverse-mobile elementor-section-boxed elementor-section-height-default elementor-section-height-default\" data-id=\"9e09d91\" data-element_type=\"section\">\n<div class=\"elementor-container elementor-column-gap-default\">\n<div class=\"elementor-column elementor-col-50 elementor-top-column elementor-element elementor-element-fcb2cb2\" data-id=\"fcb2cb2\" data-element_type=\"column\">\n<div class=\"elementor-widget-wrap elementor-element-populated\">\n<div class=\"elementor-element elementor-element-e4274cd elementor-widget elementor-widget-text-editor\" data-id=\"e4274cd\" data-element_type=\"widget\" data-widget_type=\"text-editor.default\">\n<div class=\"elementor-widget-container\">\n<p>Si vivimos como nos ense\u00f1a Jes\u00fas tambi\u00e9n viviremos, si el resucit\u00f3, tambi\u00e9n nosotros lo haremos. La muerte que ha sido vencida es la del alma. Ahora nada puede impedir nuestro regreso a Dios.<\/p>\n<\/div>\n<\/div>\n<\/div>\n<\/div>\n<\/div>\n<\/section>\n<section class=\"elementor-section elementor-top-section elementor-element elementor-element-a2eb4b7 elementor-section-content-middle elementor-section-boxed elementor-section-height-default elementor-section-height-default\" data-id=\"a2eb4b7\" data-element_type=\"section\" data-settings=\"{&quot;background_background&quot;:&quot;classic&quot;}\">\n<div class=\"elementor-container elementor-column-gap-default\">\n<div class=\"elementor-column elementor-col-50 elementor-top-column elementor-element elementor-element-62978bd\" data-id=\"62978bd\" data-element_type=\"column\">\n<div class=\"elementor-widget-wrap elementor-element-populated\">\n<div class=\"elementor-element elementor-element-7c529d3 elementor-widget elementor-widget-text-editor\" data-id=\"7c529d3\" data-element_type=\"widget\" data-widget_type=\"text-editor.default\">\n<div class=\"elementor-widget-container\">\n<p>&nbsp;<\/p>\n<\/div>\n<\/div>\n<\/div>\n<\/div>\n<div class=\"elementor-column elementor-col-50 elementor-top-column elementor-element elementor-element-996788c\" data-id=\"996788c\" data-element_type=\"column\">\n<div class=\"elementor-widget-wrap elementor-element-populated\">\n<div class=\"elementor-element elementor-element-8b3088d elementor-widget elementor-widget-image\" data-id=\"8b3088d\" data-element_type=\"widget\" data-widget_type=\"image.default\"><\/div>\n<\/div>\n<\/div>\n<\/div>\n<\/section>\n<p>[\/et_pb_toggle][\/et_pb_column][\/et_pb_row][et_pb_row column_structure=\u00bb1_2,1_2&#8243; _builder_version=\u00bb4.16&#8243; _module_preset=\u00bbdefault\u00bb width=\u00bb77%\u00bb max_width=\u00bb1615px\u00bb global_colors_info=\u00bb{}\u00bb theme_builder_area=\u00bbpost_content\u00bb custom_padding=\u00bb1px|||||\u00bb][et_pb_column type=\u00bb1_2&#8243; _builder_version=\u00bb4.16&#8243; _module_preset=\u00bbdefault\u00bb global_colors_info=\u00bb{}\u00bb theme_builder_area=\u00bbpost_content\u00bb][et_pb_video src=\u00bbhttps:\/\/youtu.be\/IxGnIPQJ5F0?si=SjSmbeRxwe-6eEll\u00bb _builder_version=\u00bb4.23.1&#8243; _module_preset=\u00bbdefault\u00bb hover_enabled=\u00bb0&#8243; global_colors_info=\u00bb{}\u00bb theme_builder_area=\u00bbpost_content\u00bb sticky_enabled=\u00bb0&#8243;][\/et_pb_video][et_pb_toggle title=\u00bbEpisodio 7&#8243; icon_color=\u00bb#000000&#8243; _builder_version=\u00bb4.19.0&#8243; _module_preset=\u00bbdefault\u00bb title_font=\u00bb|700|||||||\u00bb global_colors_info=\u00bb{}\u00bb theme_builder_area=\u00bbpost_content\u00bb]<\/p>\n<p>3 temas relacionados con la muerte: Matar, suicidarse y practicar la eutanasia.<\/p>\n<p>[\/et_pb_toggle][\/et_pb_column][et_pb_column type=\u00bb1_2&#8243; _builder_version=\u00bb4.16&#8243; _module_preset=\u00bbdefault\u00bb global_colors_info=\u00bb{}\u00bb theme_builder_area=\u00bbpost_content\u00bb][\/et_pb_column][\/et_pb_row][\/et_pb_section][et_pb_section fb_built=\u00bb1&#8243; admin_label=\u00bbFooter\u00bb _builder_version=\u00bb4.23.1&#8243; _module_preset=\u00bbdefault\u00bb background_color=\u00bb#141414&#8243; custom_margin=\u00bb||||false|false\u00bb custom_padding=\u00bb67px|||||\u00bb saved_tabs=\u00bball\u00bb global_colors_info=\u00bb{}\u00bb][et_pb_row column_structure=\u00bb1_3,1_3,1_3&#8243; use_custom_gutter=\u00bbon\u00bb gutter_width=\u00bb1&#8243; make_equal=\u00bbon\u00bb _builder_version=\u00bb4.23.1&#8243; _module_preset=\u00bbdefault\u00bb max_width=\u00bb1440px\u00bb custom_margin=\u00bb-90px||||false|false\u00bb custom_padding=\u00bb0px||||false|false\u00bb global_colors_info=\u00bb{}\u00bb][et_pb_column type=\u00bb1_3&#8243; _builder_version=\u00bb4.23.1&#8243; _module_preset=\u00bbdefault\u00bb background_color=\u00bbrgba(89,69,0,0.8)\u00bb background_image=\u00bbhttps:\/\/conocetufe.org\/wp-content\/uploads\/2023\/11\/high-school_17.png\u00bb background_size=\u00bbinitial\u00bb background_position=\u00bbtop_right\u00bb background_repeat=\u00bbrepeat-y\u00bb custom_padding=\u00bb40px|40px|40px|20px|true|false\u00bb global_colors_info=\u00bb{}\u00bb][et_pb_text _builder_version=\u00bb4.23.1&#8243; _module_preset=\u00bb5c989a74-8649-4b9a-a4a2-6d2b8ae2551c\u00bb header_4_font=\u00bbRoboto|700||on|||||\u00bb header_4_text_color=\u00bbrgba(255,255,255,0.5)\u00bb header_4_font_size=\u00bb12px\u00bb header_4_letter_spacing=\u00bb3px\u00bb header_4_line_height=\u00bb1.5em\u00bb custom_margin=\u00bb||0px||false|false\u00bb locked=\u00bboff\u00bb global_colors_info=\u00bb{}\u00bb]<\/p>\n<h4>Direcci\u00f3n<\/h4>\n<p>[\/et_pb_text][et_pb_text _builder_version=\u00bb4.23.1&#8243; _module_preset=\u00bbc2a3d585-c259-4e5a-8faa-710c0e634348&#8243; text_font=\u00bbRoboto|500|||||||\u00bb text_text_color=\u00bb#FFFFFF\u00bb text_font_size=\u00bb16px\u00bb text_line_height=\u00bb1.6em\u00bb header_5_text_color=\u00bb#FFFFFF\u00bb header_5_line_height=\u00bb1.8em\u00bb text_font_size_tablet=\u00bb15px\u00bb text_font_size_phone=\u00bb14px\u00bb text_font_size_last_edited=\u00bbon|desktop\u00bb header_font_size_tablet=\u00bb55px\u00bb header_font_size_last_edited=\u00bboff|desktop\u00bb locked=\u00bboff\u00bb global_colors_info=\u00bb{}\u00bb]<\/p>\n<p>Av. Buganvilla 155 Valle Hermoso. Surco<\/p>\n<p>[\/et_pb_text][\/et_pb_column][et_pb_column type=\u00bb1_3&#8243; _builder_version=\u00bb4.16&#8243; _module_preset=\u00bbdefault\u00bb background_color=\u00bb#1F3FA8&#8243; background_image=\u00bbhttps:\/\/conocetufe.org\/wp-content\/uploads\/2023\/11\/high-school_17.png\u00bb background_size=\u00bbinitial\u00bb background_position=\u00bbtop_right\u00bb background_repeat=\u00bbrepeat-y\u00bb custom_padding=\u00bb40px|40px|40px|20px|true|false\u00bb global_colors_info=\u00bb{}\u00bb][et_pb_text _builder_version=\u00bb4.16&#8243; _module_preset=\u00bb5c989a74-8649-4b9a-a4a2-6d2b8ae2551c\u00bb header_4_font=\u00bbRoboto|700||on|||||\u00bb header_4_text_color=\u00bbrgba(255,255,255,0.5)\u00bb header_4_font_size=\u00bb12px\u00bb header_4_letter_spacing=\u00bb3px\u00bb header_4_line_height=\u00bb1.5em\u00bb custom_margin=\u00bb||0px||false|false\u00bb locked=\u00bboff\u00bb global_colors_info=\u00bb{}\u00bb]<\/p>\n<h4>Email<\/h4>\n<p>[\/et_pb_text][et_pb_text _builder_version=\u00bb4.23.1&#8243; _module_preset=\u00bbc2a3d585-c259-4e5a-8faa-710c0e634348&#8243; text_font=\u00bbRoboto|500|||||||\u00bb text_text_color=\u00bb#FFFFFF\u00bb text_font_size=\u00bb16px\u00bb text_line_height=\u00bb1.6em\u00bb link_text_color=\u00bb#FFFFFF\u00bb header_5_text_color=\u00bb#FFFFFF\u00bb header_5_line_height=\u00bb1.8em\u00bb text_font_size_tablet=\u00bb15px\u00bb text_font_size_phone=\u00bb14px\u00bb text_font_size_last_edited=\u00bbon|desktop\u00bb header_font_size_tablet=\u00bb55px\u00bb header_font_size_last_edited=\u00bboff|desktop\u00bb locked=\u00bboff\u00bb global_colors_info=\u00bb{}\u00bb]<\/p>\n<p><a href=\"mailto:paxtv@paxtv.org\">admin@paxtv.org<\/a><\/p>\n<p>[\/et_pb_text][\/et_pb_column][et_pb_column type=\u00bb1_3&#8243; _builder_version=\u00bb4.16&#8243; _module_preset=\u00bbdefault\u00bb background_color=\u00bb#62acac\u00bb background_image=\u00bbhttps:\/\/conocetufe.org\/wp-content\/uploads\/2023\/11\/high-school_17.png\u00bb background_size=\u00bbinitial\u00bb background_position=\u00bbtop_right\u00bb background_repeat=\u00bbrepeat-y\u00bb custom_padding=\u00bb40px|40px|40px|20px|true|false\u00bb global_colors_info=\u00bb{}\u00bb][et_pb_text _builder_version=\u00bb4.23.1&#8243; _module_preset=\u00bb5c989a74-8649-4b9a-a4a2-6d2b8ae2551c\u00bb header_4_font=\u00bbRoboto|700||on|||||\u00bb header_4_text_color=\u00bbrgba(255,255,255,0.5)\u00bb header_4_font_size=\u00bb12px\u00bb header_4_letter_spacing=\u00bb3px\u00bb header_4_line_height=\u00bb1.5em\u00bb custom_margin=\u00bb||0px||false|false\u00bb custom_margin_last_edited=\u00bboff|desktop\u00bb locked=\u00bboff\u00bb global_colors_info=\u00bb{}\u00bb]<\/p>\n<h4>Tel\u00e9fono<\/h4>\n<p>[\/et_pb_text][et_pb_text _builder_version=\u00bb4.23.1&#8243; _module_preset=\u00bbc2a3d585-c259-4e5a-8faa-710c0e634348&#8243; text_font=\u00bbRoboto|500|||||||\u00bb text_text_color=\u00bb#FFFFFF\u00bb text_font_size=\u00bb16px\u00bb text_line_height=\u00bb1.6em\u00bb link_text_color=\u00bb#FFFFFF\u00bb header_5_text_color=\u00bb#FFFFFF\u00bb header_5_line_height=\u00bb1.8em\u00bb text_font_size_tablet=\u00bb15px\u00bb text_font_size_phone=\u00bb14px\u00bb text_font_size_last_edited=\u00bbon|desktop\u00bb header_font_size_tablet=\u00bb55px\u00bb header_font_size_last_edited=\u00bboff|desktop\u00bb locked=\u00bboff\u00bb global_colors_info=\u00bb{}\u00bb]<\/p>\n<p>(511)-3440951<\/p>\n<p>[\/et_pb_text][\/et_pb_column][\/et_pb_row][\/et_pb_section]<\/p>\n","protected":false},"excerpt":{"rendered":"<p>Conoce que pasa despu\u00e9s de la muerte seg\u00fan la feConoce que pasa despu\u00e9s de la muerte seg\u00fan la fe.Si elegimos vivir seg\u00fan los valores cristianos seremos felices aqu\u00ed, ahora y para siempre. Depende de nosotros.El deseo de Jes\u00fas fue presentarnos una nueva y extraordinaria imagen de su Padre. Quiso que descubramos que su Padre es [&hellip;]<\/p>\n","protected":false},"author":1,"featured_media":0,"parent":0,"menu_order":0,"comment_status":"closed","ping_status":"closed","template":"","meta":{"_et_pb_use_builder":"on","_et_pb_old_content":"","_et_gb_content_width":"","footnotes":""},"class_list":["post-2265","page","type-page","status-publish","hentry"],"yoast_head":"<!-- This site is optimized with the Yoast SEO plugin v26.8 - https:\/\/yoast.com\/product\/yoast-seo-wordpress\/ -->\n<title>Conoce que pasa despu\u00e9s de la muerte seg\u00fan la fe - Conoce tu fe<\/title>\n<meta name=\"robots\" content=\"index, follow, max-snippet:-1, max-image-preview:large, max-video-preview:-1\" \/>\n<link rel=\"canonical\" href=\"https:\/\/conocetufe.org\/index.php\/sentido-de-la-muerte\/\" \/>\n<meta property=\"og:locale\" content=\"es_ES\" \/>\n<meta property=\"og:type\" content=\"article\" \/>\n<meta property=\"og:title\" content=\"Conoce que pasa despu\u00e9s de la muerte seg\u00fan la fe - Conoce tu fe\" \/>\n<meta property=\"og:description\" content=\"Conoce que pasa despu\u00e9s de la muerte seg\u00fan la feConoce que pasa despu\u00e9s de la muerte seg\u00fan la fe.Si elegimos vivir seg\u00fan los valores cristianos seremos felices aqu\u00ed, ahora y para siempre. Depende de nosotros.El deseo de Jes\u00fas fue presentarnos una nueva y extraordinaria imagen de su Padre. Quiso que descubramos que su Padre es [&hellip;]\" \/>\n<meta property=\"og:url\" content=\"https:\/\/conocetufe.org\/index.php\/sentido-de-la-muerte\/\" \/>\n<meta property=\"og:site_name\" content=\"Conoce tu fe\" \/>\n<meta property=\"article:modified_time\" content=\"2023-11-24T15:53:55+00:00\" \/>\n<meta name=\"twitter:card\" content=\"summary_large_image\" \/>\n<meta name=\"twitter:label1\" content=\"Est. reading time\" \/>\n\t<meta name=\"twitter:data1\" content=\"12 minutos\" \/>\n<script type=\"application\/ld+json\" class=\"yoast-schema-graph\">{\"@context\":\"https:\/\/schema.org\",\"@graph\":[{\"@type\":\"WebPage\",\"@id\":\"https:\/\/conocetufe.org\/index.php\/sentido-de-la-muerte\/\",\"url\":\"https:\/\/conocetufe.org\/index.php\/sentido-de-la-muerte\/\",\"name\":\"Conoce que pasa despu\u00e9s de la muerte seg\u00fan la fe - Conoce tu fe\",\"isPartOf\":{\"@id\":\"https:\/\/conocetufe.org\/#website\"},\"datePublished\":\"2023-11-22T19:46:18+00:00\",\"dateModified\":\"2023-11-24T15:53:55+00:00\",\"breadcrumb\":{\"@id\":\"https:\/\/conocetufe.org\/index.php\/sentido-de-la-muerte\/#breadcrumb\"},\"inLanguage\":\"es-PE\",\"potentialAction\":[{\"@type\":\"ReadAction\",\"target\":[\"https:\/\/conocetufe.org\/index.php\/sentido-de-la-muerte\/\"]}]},{\"@type\":\"BreadcrumbList\",\"@id\":\"https:\/\/conocetufe.org\/index.php\/sentido-de-la-muerte\/#breadcrumb\",\"itemListElement\":[{\"@type\":\"ListItem\",\"position\":1,\"name\":\"Home\",\"item\":\"https:\/\/conocetufe.org\/\"},{\"@type\":\"ListItem\",\"position\":2,\"name\":\"Conoce que pasa despu\u00e9s de la muerte seg\u00fan la fe\"}]},{\"@type\":\"WebSite\",\"@id\":\"https:\/\/conocetufe.org\/#website\",\"url\":\"https:\/\/conocetufe.org\/\",\"name\":\"Conoce tu fe\",\"description\":\"Una escuela de conocimiento cat\u00f3lico\",\"potentialAction\":[{\"@type\":\"SearchAction\",\"target\":{\"@type\":\"EntryPoint\",\"urlTemplate\":\"https:\/\/conocetufe.org\/?s={search_term_string}\"},\"query-input\":{\"@type\":\"PropertyValueSpecification\",\"valueRequired\":true,\"valueName\":\"search_term_string\"}}],\"inLanguage\":\"es-PE\"}]}<\/script>\n<!-- \/ Yoast SEO plugin. -->","yoast_head_json":{"title":"Conoce que pasa despu\u00e9s de la muerte seg\u00fan la fe - Conoce tu fe","robots":{"index":"index","follow":"follow","max-snippet":"max-snippet:-1","max-image-preview":"max-image-preview:large","max-video-preview":"max-video-preview:-1"},"canonical":"https:\/\/conocetufe.org\/index.php\/sentido-de-la-muerte\/","og_locale":"es_ES","og_type":"article","og_title":"Conoce que pasa despu\u00e9s de la muerte seg\u00fan la fe - Conoce tu fe","og_description":"Conoce que pasa despu\u00e9s de la muerte seg\u00fan la feConoce que pasa despu\u00e9s de la muerte seg\u00fan la fe.Si elegimos vivir seg\u00fan los valores cristianos seremos felices aqu\u00ed, ahora y para siempre. Depende de nosotros.El deseo de Jes\u00fas fue presentarnos una nueva y extraordinaria imagen de su Padre. Quiso que descubramos que su Padre es [&hellip;]","og_url":"https:\/\/conocetufe.org\/index.php\/sentido-de-la-muerte\/","og_site_name":"Conoce tu fe","article_modified_time":"2023-11-24T15:53:55+00:00","twitter_card":"summary_large_image","twitter_misc":{"Est. reading time":"12 minutos"},"schema":{"@context":"https:\/\/schema.org","@graph":[{"@type":"WebPage","@id":"https:\/\/conocetufe.org\/index.php\/sentido-de-la-muerte\/","url":"https:\/\/conocetufe.org\/index.php\/sentido-de-la-muerte\/","name":"Conoce que pasa despu\u00e9s de la muerte seg\u00fan la fe - Conoce tu fe","isPartOf":{"@id":"https:\/\/conocetufe.org\/#website"},"datePublished":"2023-11-22T19:46:18+00:00","dateModified":"2023-11-24T15:53:55+00:00","breadcrumb":{"@id":"https:\/\/conocetufe.org\/index.php\/sentido-de-la-muerte\/#breadcrumb"},"inLanguage":"es-PE","potentialAction":[{"@type":"ReadAction","target":["https:\/\/conocetufe.org\/index.php\/sentido-de-la-muerte\/"]}]},{"@type":"BreadcrumbList","@id":"https:\/\/conocetufe.org\/index.php\/sentido-de-la-muerte\/#breadcrumb","itemListElement":[{"@type":"ListItem","position":1,"name":"Home","item":"https:\/\/conocetufe.org\/"},{"@type":"ListItem","position":2,"name":"Conoce que pasa despu\u00e9s de la muerte seg\u00fan la fe"}]},{"@type":"WebSite","@id":"https:\/\/conocetufe.org\/#website","url":"https:\/\/conocetufe.org\/","name":"Conoce tu fe","description":"Una escuela de conocimiento cat\u00f3lico","potentialAction":[{"@type":"SearchAction","target":{"@type":"EntryPoint","urlTemplate":"https:\/\/conocetufe.org\/?s={search_term_string}"},"query-input":{"@type":"PropertyValueSpecification","valueRequired":true,"valueName":"search_term_string"}}],"inLanguage":"es-PE"}]}},"_links":{"self":[{"href":"https:\/\/conocetufe.org\/index.php\/wp-json\/wp\/v2\/pages\/2265","targetHints":{"allow":["GET"]}}],"collection":[{"href":"https:\/\/conocetufe.org\/index.php\/wp-json\/wp\/v2\/pages"}],"about":[{"href":"https:\/\/conocetufe.org\/index.php\/wp-json\/wp\/v2\/types\/page"}],"author":[{"embeddable":true,"href":"https:\/\/conocetufe.org\/index.php\/wp-json\/wp\/v2\/users\/1"}],"replies":[{"embeddable":true,"href":"https:\/\/conocetufe.org\/index.php\/wp-json\/wp\/v2\/comments?post=2265"}],"version-history":[{"count":6,"href":"https:\/\/conocetufe.org\/index.php\/wp-json\/wp\/v2\/pages\/2265\/revisions"}],"predecessor-version":[{"id":2280,"href":"https:\/\/conocetufe.org\/index.php\/wp-json\/wp\/v2\/pages\/2265\/revisions\/2280"}],"wp:attachment":[{"href":"https:\/\/conocetufe.org\/index.php\/wp-json\/wp\/v2\/media?parent=2265"}],"curies":[{"name":"wp","href":"https:\/\/api.w.org\/{rel}","templated":true}]}}